{"id":2386,"date":"2015-08-25T20:59:23","date_gmt":"2015-08-25T18:59:23","guid":{"rendered":"http:\/\/ostomaz.splet.arnes.si\/?page_id=2386"},"modified":"2025-03-07T07:23:00","modified_gmt":"2025-03-07T06:23:00","slug":"svet-sole","status":"publish","type":"page","link":"https:\/\/www.ostomaz.si\/?page_id=2386","title":{"rendered":"Svet \u0161ole"},"content":{"rendered":"<p>Svet osnovne \u0161ole Sveti Toma\u017e ima \u0161tiriletni mandat. Sestavljajo ga:<\/p>\n<div style=\"text-align: justify\"><em>Predstavniki ustanovitelja Ob\u010dine Sveti Toma\u017e<\/em><\/div>\n<div>\n<ul>\n<li>Zlatka Majcen<\/li>\n<li>Samuel Megla<\/li>\n<li>Du\u0161anka Ozmec<\/li>\n<\/ul>\n<p><em>Predstavniki star\u0161ev<\/em><\/p>\n<ul>\n<li>&nbsp;Anita Vogrinec<\/li>\n<li>Jerneja Lesjak<\/li>\n<li>Jessica Metelko Bratu\u0161a<\/li>\n<\/ul>\n<p><em>Predstavniki O\u0160 Sveti Toma\u017e<\/em><\/p>\n<ul>\n<li>Tadeja Vrbnjak (predsednica)<\/li>\n<li>Tanja Hebar<\/li>\n<li>Sara Kramberger<\/li>\n<li>Aleksandra Kelemina Plemeni\u010d<\/li>\n<li>Ivanka Ozmec<\/li>\n<\/ul>\n<\/div>\n<div style=\"text-align: justify\">Svet javnega vrtca oziroma \u0161ole imenuje in razre\u0161uje ravnatelja vrtca oziroma \u0161ole, sprejema program razvoja vrtca oziroma \u0161ole, letni delovni na\u010drt in poro\u010dilo o njegovi uresni\u010ditvi, sprejme letno poro\u010dilo o samoevalvaciji \u0161ole oziroma vrtca, odlo\u010da o uvedbi nadstandardnih in drugih programov, obravnava poro\u010dila o vzgojni oziroma izobra\u017eevalni problematiki, odlo\u010da o prito\u017ebah v zvezi s statusom, vajenca, dijaka, \u0161tudenta vi\u0161je \u0161ole in odraslega kot drugostopenjski organ, \u010de z zakonom ni dolo\u010deno druga\u010de, o prito\u017ebah v zvezi s pravicami, obveznostmi in odgovornostmi delavcev iz delovnega razmerja, obravnava zadeve, ki mu jih predlo\u017ei vzgojiteljski, u\u010diteljski, andrago\u0161ki oziroma predavateljski zbor, \u0161olska in\u0161pekcija, reprezentativni sindikat zaposlenih, svet star\u0161ev, skupnost u\u010dencev, vajencev, dijakov ali \u0161tudentov in opravlja druge naloge, dolo\u010dene z zakonom in aktom o ustanovitvi.<\/div>\n","protected":false},"excerpt":{"rendered":"<p>Svet osnovne \u0161ole Sveti Toma\u017e [&hellip;]<\/p>\n","protected":false},"author":735,"featured_media":0,"parent":2382,"menu_order":0,"comment_status":"closed","ping_status":"open","template":"","meta":{"ngg_post_thumbnail":0,"footnotes":""},"class_list":["post-2386","page","type-page","status-publish","hentry"],"_links":{"self":[{"href":"https:\/\/www.ostomaz.si\/index.php?rest_route=\/wp\/v2\/pages\/2386","targetHints":{"allow":["GET"]}}],"collection":[{"href":"https:\/\/www.ostomaz.si\/index.php?rest_route=\/wp\/v2\/pages"}],"about":[{"href":"https:\/\/www.ostomaz.si\/index.php?rest_route=\/wp\/v2\/types\/page"}],"author":[{"embeddable":true,"href":"https:\/\/www.ostomaz.si\/index.php?rest_route=\/wp\/v2\/users\/735"}],"replies":[{"embeddable":true,"href":"https:\/\/www.ostomaz.si\/index.php?rest_route=%2Fwp%2Fv2%2Fcomments&post=2386"}],"version-history":[{"count":15,"href":"https:\/\/www.ostomaz.si\/index.php?rest_route=\/wp\/v2\/pages\/2386\/revisions"}],"predecessor-version":[{"id":22287,"href":"https:\/\/www.ostomaz.si\/index.php?rest_route=\/wp\/v2\/pages\/2386\/revisions\/22287"}],"up":[{"embeddable":true,"href":"https:\/\/www.ostomaz.si\/index.php?rest_route=\/wp\/v2\/pages\/2382"}],"wp:attachment":[{"href":"https:\/\/www.ostomaz.si\/index.php?rest_route=%2Fwp%2Fv2%2Fmedia&parent=2386"}],"curies":[{"name":"wp","href":"https:\/\/api.w.org\/{rel}","templated":true}]}}