{"id":17805,"date":"2022-09-22T11:37:19","date_gmt":"2022-09-22T09:37:19","guid":{"rendered":"https:\/\/ostomaz.splet.arnes.si\/?page_id=17805"},"modified":"2022-12-09T12:21:44","modified_gmt":"2022-12-09T11:21:44","slug":"projekt-dvig-digitalnih-kompetenc","status":"publish","type":"page","link":"https:\/\/www.ostomaz.si\/?page_id=17805","title":{"rendered":"Projekt Dvig digitalnih kompetenc"},"content":{"rendered":"<p><a href=\"http:\/\/projekt-ddk.si\/\"><img loading=\"lazy\" decoding=\"async\" class=\"wp-image-18037 alignnone\" src=\"https:\/\/www.ostomaz.si\/files\/2022\/11\/LOGO_DVIG_DIGITALNE-KOMPETENCE_vertikalni-150x150.png\" alt=\"\" width=\"113\" height=\"113\" srcset=\"https:\/\/www.ostomaz.si\/files\/2022\/11\/LOGO_DVIG_DIGITALNE-KOMPETENCE_vertikalni-150x150.png 150w, https:\/\/www.ostomaz.si\/files\/2022\/11\/LOGO_DVIG_DIGITALNE-KOMPETENCE_vertikalni-300x300.png 300w, https:\/\/www.ostomaz.si\/files\/2022\/11\/LOGO_DVIG_DIGITALNE-KOMPETENCE_vertikalni-1024x1024.png 1024w, https:\/\/www.ostomaz.si\/files\/2022\/11\/LOGO_DVIG_DIGITALNE-KOMPETENCE_vertikalni-768x768.png 768w, https:\/\/www.ostomaz.si\/files\/2022\/11\/LOGO_DVIG_DIGITALNE-KOMPETENCE_vertikalni-947x947.png 947w, https:\/\/www.ostomaz.si\/files\/2022\/11\/LOGO_DVIG_DIGITALNE-KOMPETENCE_vertikalni-624x624.png 624w, https:\/\/www.ostomaz.si\/files\/2022\/11\/LOGO_DVIG_DIGITALNE-KOMPETENCE_vertikalni-100x100.png 100w, https:\/\/www.ostomaz.si\/files\/2022\/11\/LOGO_DVIG_DIGITALNE-KOMPETENCE_vertikalni.png 1383w\" sizes=\"auto, (max-width: 113px) 100vw, 113px\" \/> <\/a><a href=\"https:\/\/www.eu-skladi.si\/\"><img loading=\"lazy\" decoding=\"async\" class=\"alignnone wp-image-18038 \" src=\"https:\/\/www.ostomaz.si\/files\/2022\/11\/Logo_EKP_socialni_sklad_SLO_slogan-150x150.jpg\" alt=\"\" width=\"111\" height=\"111\" srcset=\"https:\/\/www.ostomaz.si\/files\/2022\/11\/Logo_EKP_socialni_sklad_SLO_slogan-150x150.jpg 150w, https:\/\/www.ostomaz.si\/files\/2022\/11\/Logo_EKP_socialni_sklad_SLO_slogan-100x100.jpg 100w\" sizes=\"auto, (max-width: 111px) 100vw, 111px\" \/><\/a> &nbsp;&nbsp;<a href=\"https:\/\/www.gov.si\/drzavni-organi\/ministrstva\/ministrstvo-za-izobrazevanje-znanost-in-sport\/\"><img loading=\"lazy\" decoding=\"async\" class=\"wp-image-18039 alignnone\" src=\"https:\/\/www.ostomaz.si\/files\/2022\/11\/Logo_MIZS_slo.png\" alt=\"\" width=\"248\" height=\"40\" srcset=\"https:\/\/www.ostomaz.si\/files\/2022\/11\/Logo_MIZS_slo.png 796w, https:\/\/www.ostomaz.si\/files\/2022\/11\/Logo_MIZS_slo-300x49.png 300w, https:\/\/www.ostomaz.si\/files\/2022\/11\/Logo_MIZS_slo-768x124.png 768w, https:\/\/www.ostomaz.si\/files\/2022\/11\/Logo_MIZS_slo-624x101.png 624w\" sizes=\"auto, (max-width: 248px) 100vw, 248px\" \/>&nbsp;&nbsp; <\/a><a href=\"https:\/\/www.zrss.si\/\" target=\"_blank\" rel=\"noopener\"><img loading=\"lazy\" decoding=\"async\" class=\"wp-image-18042 alignnone\" src=\"https:\/\/www.ostomaz.si\/files\/2022\/11\/logotip-ZRSS_barvni.jpg\" alt=\"\" width=\"81\" height=\"104\" srcset=\"https:\/\/www.ostomaz.si\/files\/2022\/11\/logotip-ZRSS_barvni.jpg 1505w, https:\/\/www.ostomaz.si\/files\/2022\/11\/logotip-ZRSS_barvni-233x300.jpg 233w, https:\/\/www.ostomaz.si\/files\/2022\/11\/logotip-ZRSS_barvni-796x1024.jpg 796w, https:\/\/www.ostomaz.si\/files\/2022\/11\/logotip-ZRSS_barvni-768x987.jpg 768w, https:\/\/www.ostomaz.si\/files\/2022\/11\/logotip-ZRSS_barvni-1195x1536.jpg 1195w, https:\/\/www.ostomaz.si\/files\/2022\/11\/logotip-ZRSS_barvni-947x1218.jpg 947w, https:\/\/www.ostomaz.si\/files\/2022\/11\/logotip-ZRSS_barvni-624x802.jpg 624w\" sizes=\"auto, (max-width: 81px) 100vw, 81px\" \/> &nbsp; <\/a><a href=\"http:\/\/www.arnes.si\/dvig-digitalne-kompetentnosti\/\"><img loading=\"lazy\" decoding=\"async\" class=\"wp-image-18043 alignnone\" src=\"https:\/\/www.ostomaz.si\/files\/2022\/11\/Arnes_logotip-1.jpg\" alt=\"\" width=\"102\" height=\"46\" srcset=\"https:\/\/www.ostomaz.si\/files\/2022\/11\/Arnes_logotip-1.jpg 850w, https:\/\/www.ostomaz.si\/files\/2022\/11\/Arnes_logotip-1-300x136.jpg 300w, https:\/\/www.ostomaz.si\/files\/2022\/11\/Arnes_logotip-1-768x347.jpg 768w, https:\/\/www.ostomaz.si\/files\/2022\/11\/Arnes_logotip-1-624x282.jpg 624w\" sizes=\"auto, (max-width: 102px) 100vw, 102px\" \/><\/a><\/p>\n<p>Povezave:&nbsp;<\/p>\n<ul>\n<li><a href=\"https:\/\/www.zrss.si\/\" target=\"_blank\" rel=\"noopener\">Zavod Republike Slovenije za \u0161olstvo<\/a><\/li>\n<li><a href=\"http:\/\/projekt-ddk.si\/\" target=\"_blank\" rel=\"noopener\">Projekt dvig digitalnih kompetenc<\/a><\/li>\n<li><a href=\"http:\/\/www.arnes.si\/dvig-digitalne-kompetentnosti\/\" target=\"_blank\" rel=\"noopener\">Arnes<\/a><\/li>\n<li><a href=\"https:\/\/www.gov.si\/drzavni-organi\/ministrstva\/ministrstvo-za-izobrazevanje-znanost-in-sport\/\" target=\"_blank\" rel=\"noopener\">Ministrstvo za \u0161olstvo in \u0161port<\/a><\/li>\n<li><a href=\"https:\/\/www.eu-skladi.si\/\" target=\"_blank\" rel=\"noopener\">Evropski socialni sklad<\/a><\/li>\n<\/ul>\n<h2><a name=\"_Toc114466793\"><\/a>Projekt Dvig digitalnih kompetenc<\/h2>\n<h3><a name=\"_Toc114466794\"><\/a>&nbsp; &nbsp; Terminski na\u010drt<\/h3>\n<ul>\n<li>Za\u010detek projekta: 1. 5. 2022<\/li>\n<li>Konec projekta: 31. 8.2023<\/li>\n<\/ul>\n<h3><a name=\"_Toc114466795\"><\/a>&nbsp; &nbsp; Partnerji v projektu<\/h3>\n<ul>\n<li>ZRS\u0160 (poslovode\u010di partner),<\/li>\n<li>Akademska in raziskovalna mre\u017ea Slovenije \u2013 ARNES (konzorcijski partner),<\/li>\n<li>220 vzgojno-izobra\u017eevalnih zavodov VIZ-i, ki opravljajo javno slu\u017ebo na podro\u010dju osnovno\u0161olskega, srednje\u0161olskega, glasbenega izobra\u017eevanja in dija\u0161kih domov<\/li>\n<\/ul>\n<h3>&nbsp; &nbsp; &nbsp; Namen projekta<\/h3>\n<p>Izbolj\u0161anje kakovosti in u\u010dinkovitosti izobra\u017eevanja in usposabljanja ter spodbujanje razvoja inovativnih u\u010dnih okolij in pro\u017enih oblik u\u010denja, ki bodo prispevala k dvigu digitalnih kompetenc vodstvenih in strokovnih delavcev, otrok, u\u010dencev in dijakov. Glede na razli\u010dno raven digitalne kompetentnosti posameznih strokovnih delavcev in VIZ-a bo v celoti izdelana digitalna strategija za O\u0160 Sveti Toma\u017e, na osnovi strategije izvedena usposabljanja ter udejanjanje teh znanj v vzgojno-izobra\u017eevalnem procesu. Izdelava strategije bo temeljila na analizi stanja in pripravi akcijskega na\u010drta.<\/p>\n<h3>Aktivnosti za razvoj digitalne kompetentnosti in pri\u010dakovani rezultati<\/h3>\n<p>Med aktivnostmi velja izpostaviti:<\/p>\n<ul>\n<li>Samoevalvacija z orodjem SELFIE.<\/li>\n<li>Aktivna udele\u017eba na delavnici (nadgradnja digitalne strategije VIZ in dolo\u010ditev prioritet).<\/li>\n<li>Priprava digitalne strategije VIZ, letnih prioritet in objava rezultatov.,<\/li>\n<li>Objava reflektivne prakse med u\u010ditelji.<\/li>\n<li>Brezpla\u010dna usposabljanja za u\u010dinkovito rabo digitalnih tehnologij v vzgojno-izobra\u017eevalnem procesu.<\/li>\n<li>Usposabljanja za organizatorje oz. koordinatorje informacijskih dejavnosti v VIZ-ih.<\/li>\n<\/ul>\n<h3>&nbsp; &nbsp;Pri\u010dakovani rezultati<\/h3>\n<p>Pri\u010dakovani rezultati zajemajo:<\/p>\n<ol>\n<li>razvoj digitalnih strategij VIZ-a, ogled Digitalne strategije zavoda. &#8211;&nbsp;<a href=\"https:\/\/www.ostomaz.si\/files\/2022\/12\/Digitalna_strategija_OS_Sv_Tomaz.pdf\">Digitalna_strategija_O\u0160_Sv_Toma\u017e<\/a><\/li>\n<li>razvoj strokovnih, pedago\u0161kih digitalnih kompetenc strokovnih delavcev in<\/li>\n<li>procesno razvijanje digitalnih kompetenc otrok, u\u010dencev in dijakov, kar se bo odra\u017ealo skozi<\/li>\n<\/ol>\n<p>dnevne in letne priprave u\u010diteljev in vzgojiteljev.<\/p>\n<p>Preglednica 1. Predstavitev posameznih aktivnosti in pri\u010dakovani rezultati<\/p>\n<table style=\"width: 847px\" border=\"1\" width=\"847\">\n<tbody>\n<tr>\n<td style=\"width: 465px\" width=\"473\">Rezultat posamezne aktivnosti<\/td>\n<td style=\"width: 382px\" width=\"198\">Dokazilo<\/td>\n<\/tr>\n<tr>\n<td style=\"width: 465px\" width=\"473\">Seznanitev z orodjem SELFIE, priprava postopkov za uporabo orodja SELFIE (registracija VIZ, priprava povezav na vpra\u0161alnik SELFIE za vse skupine dele\u017enikov, spodbujanje dele\u017enikov, pregled rezultatov) Poro\u010dilo o samoevalvaciji z orodjem SELFIE.<\/td>\n<td style=\"width: 382px\" width=\"198\">\n<p>Poro\u010dilo o samoevalvaciji z<\/p>\n<p>orodjem SELFIE.<\/td>\n<\/tr>\n<tr>\n<td style=\"width: 465px\" width=\"473\">Po uporabi orodja SELFI VIZ zagotovi udele\u017ebo e-tima na delavnici, na kateri se naredi refleksija, opredeli razloge za razlike pri ocenah razli\u010dnih dele\u017enikov, identificira prioritete za teko\u010de \u0161olsko leto ter poda predloge za pripravo ali nadgradnjo digitalne strategije VIZ. Praviloma v e-timu sodelujejo vsaj 4 sodelavci vklju\u010denega VIZ.<\/td>\n<td style=\"width: 382px\" width=\"198\">Poro\u010dilo o izvedbi delavnice s predlogi za pripravo oz. nadgradnjo digitalne strategije.<\/td>\n<\/tr>\n<tr>\n<td style=\"width: 465px\" width=\"473\">Po delavnici e-razvojni tim VIZ nadgradi oz. pripravi digitalno strategijo VIZ, Dolo\u010di prioritete do konca \u0161olskega leta ter objavi rezultate vsaj na spletnih straneh VIZ. E-razvojni tim se bo sestajal in izvajal naloge samostojno, pri tem pa mu bodo svetovali zunanji svetovalci (multiplikatorji), jih redno spodbujali.<\/td>\n<td style=\"width: 382px\" width=\"198\">Digitalna strategija.&nbsp;Seznam sre\u010danj erazvojnega tima in lista&nbsp;prisotnosti (najmanj 5&nbsp;sre\u010danj e-razvojnega tima).<\/td>\n<\/tr>\n<tr>\n<td style=\"width: 465px\" width=\"473\">Na VIZ se izvajajo delavnice oz. strokovna sre\u010danja, na katerih u\u010ditelji, vzgojitelji, ravnatelji in drugi strokovni delavci vzajemno razvijajo in izvajajo reflektivne prakse na podro\u010dju pedago\u0161kih digitalnih kompetenc.<\/td>\n<td style=\"width: 382px\" width=\"198\">Poro\u010dilo o mre\u017eenju.&nbsp;Seznam delavnic oz.&nbsp;sre\u010danj <strong>in lista prisotnosti&nbsp;<\/strong>(najmanj 10 delavnic,&nbsp;vklju\u010denih najmanj 10&nbsp;strokovnih delavcev).<\/td>\n<\/tr>\n<\/tbody>\n<\/table>\n<h3>&nbsp; &nbsp;\u010casovnica aktivnosti<\/h3>\n<table style=\"width: 847px\" border=\"1\" width=\"847\">\n<tbody>\n<tr>\n<td style=\"width: 124px;text-align: center\" width=\"123\"><strong>Termin<\/strong><\/td>\n<td style=\"width: 439px;text-align: center\" width=\"293\"><strong>Aktivnost<\/strong><\/td>\n<td style=\"width: 284px;text-align: center\" width=\"265\"><strong>Opombe<\/strong><\/td>\n<\/tr>\n<tr>\n<td style=\"width: 124px\" width=\"123\">Maj 2022<\/td>\n<td style=\"width: 439px\" width=\"293\">Vzpostavitev pet\u010dlanskega projektnega tima<\/td>\n<td style=\"width: 284px\" width=\"265\">\n<p>ravnatelj zavoda in \u0161tirje strokovni delavci, ki imajo reference s podro\u010dja<\/p>\n<p>digitalnih znanj . Delo v timu je&nbsp;vrednoteno s 3 to\u010dkami (uveljavljanje&nbsp;po zaklju\u010dku projekta).<\/td>\n<\/tr>\n<tr>\n<td style=\"width: 124px\" width=\"123\">Maj, junij, julij, avgust<\/td>\n<td style=\"width: 439px\" width=\"293\">\n<p>Usposabljanje organizatorjev oz.&nbsp;koordinatorjev informacijske dejavnosti.<\/p>\n<p>Podro\u010dja usposabljanja:<\/p>\n<p>\u2022 didaktika digitalnega izobra\u017eevanja&nbsp;(inovativno u\u010dno okolje, digitalne&nbsp;kompetence, podpora pri izvedbi&nbsp;pouka &#8230;),<\/p>\n<p>\u2022 inovativna pedagogika (smiselna&nbsp;raba tehnologije, inovativne metode&nbsp;dela, vloga in po<span style=\"font-family: inherit;font-size: inherit\">AI,<\/span><span style=\"font-family: inherit;font-size: inherit\">&nbsp;<\/span><span style=\"font-family: inherit;font-size: inherit\">men e-u\u010denja,&nbsp;<\/span>u\u010dna analitika),<\/p>\n<p>\u2022 na\u010drtovanje in upravljanje&nbsp;digitalnega izobra\u017eevanja (digitalna<\/p>\n<p>strategija \u0161ole, na\u010drt digitalizacije VIZ-a, razvojni projekti, metode\/koncepti izobra\u017eevanja odraslih &#8230;),<\/p>\n<p>\u2022 razvoj digitalne \u0161ole \u2013 podpora&nbsp;izobra\u017eevalnemu procesu<\/td>\n<td style=\"width: 284px\" width=\"265\">Drago Slavinec<\/td>\n<\/tr>\n<tr>\n<td style=\"width: 124px\" width=\"123\">Junij 2022<\/td>\n<td style=\"width: 439px\" width=\"293\">Samoevalvacija na zavodu<\/td>\n<td style=\"width: 284px\" width=\"265\">Projektni tim<\/td>\n<\/tr>\n<tr>\n<td style=\"width: 124px\" width=\"123\">September 2022<\/td>\n<td style=\"width: 439px\" width=\"293\">izdelava digitalna strategije VIZ, letne&nbsp;prioritete in objava rezultatov<\/td>\n<td style=\"width: 284px\" width=\"265\">Projektni tim<\/td>\n<\/tr>\n<tr>\n<td style=\"width: 124px\" width=\"123\">Oktober 2022- junij 2023<\/td>\n<td style=\"width: 439px\" width=\"293\">izvajanje digitalne strategije<\/td>\n<td style=\"width: 284px\" width=\"265\">Vsi strokovni delavci<\/td>\n<\/tr>\n<tr>\n<td style=\"width: 124px\" width=\"123\">Junij 2023<\/td>\n<td style=\"width: 439px\" width=\"293\">Izdelava poro\u010dila \/ objava rezultatov<\/td>\n<td style=\"width: 284px\" width=\"265\">Projektni tim<\/td>\n<\/tr>\n<\/tbody>\n<\/table>\n<p>Preglednica 2. Predvidena \u010dasovnica za aktivnosti<\/p>\n<h3><a name=\"_Toc114466800\"><\/a>&nbsp; &nbsp;Sestava projektnega tima<\/h3>\n<p>Projektni tim sestavljajo:<\/p>\n<ol>\n<li>Drago Slavinec (ra\u010dunalnikar)<\/li>\n<li>Irma Murad (ravnateljica)<\/li>\n<li>Sara Kramberger (u\u010diteljica)<\/li>\n<li>Valentina Tibaut (u\u010diteljica)<\/li>\n<li>Tadeja Vrbnjak Zorman (u\u010diteljica)<\/li>\n<\/ol>\n<h3>&nbsp; &nbsp; Financiranje projekta<\/h3>\n<p>Pav\u0161alni znesek za sofinanciranje stro\u0161kov VIZ: 3.062,00 EUR\/VIZ. Namenjen je kritju <strong>materialnih in drugih stro\u0161kov<\/strong>; za te stro\u0161ke ni potrebno po\u0161iljati dokazil o porabi. Izpla\u010dilo stro\u0161ka bo izvedeno v enkratnem znesku, ko bodo <strong>izvedene vse aktivnosti VIZ. <\/strong>VIZ morajo posredovati poro\u010dilo (poro\u010dilo o izvedenih aktivnostih, \u0161tevilo vklju\u010denih strokovnih delavcev, vsebina izvedenih aktivnosti ter njihovi rezultati in dokazila) in zahtevek. Porabo sredstev morate <strong>voditi ra\u010dunovodsko lo\u010deno na posebnem stro\u0161kovnem mestu.<\/strong><\/p>\n<h3>&nbsp; &nbsp; &nbsp;Promocija projekta<\/h3>\n<ol>\n<li>V \u0161oli in v vrtcu bo visel plakat.<\/li>\n<li>Na spletni strani bo objava in povezava do projekta. Obrazce dobimo od ZRS\u0160.<\/li>\n<li>Aktivnosti bomo sproti objavljali na spletni strani.<\/li>\n<li>Projekt zapisan tudi v letnem delovnem na\u010drti Zavoda.<\/li>\n<\/ol>\n<h3>&nbsp;<a name=\"_Toc114466803\"><\/a>&nbsp;Izobra\u017eevanja<\/h3>\n<p>V projektu bomo izvedli usposabljanja za :<\/p>\n<ul>\n<li>Za vodjo tima:\n<ul>\n<li>Usposabljanje \u0161olskih projektnih timov za pripravo digitalne strategije Kidri\u010devo 28.6.2022<\/li>\n<li>Usposabljanje \u0161olskih projektnih timov za pripravo digitalne strategije na daljavo<\/li>\n<li>Poklicno delovanje- <a href=\"http:\/\/projekt-ddk.si\/\">povezava na prijavo za Spletni te\u010daj Poklicno<\/a> delovanje- 8 ur<\/li>\n<\/ul>\n<\/li>\n<li>Za ravnateljico:\n<ul>\n<li>Usposabljanje \u0161olskih projektnih timov za pripravo digitalne strategije Kidri\u010devo 28.6.2022<\/li>\n<li>Usposabljanje \u0161olskih projektnih timov za pripravo digitalne strategije na daljavo<\/li>\n<li>Poklicno delovanje- <a href=\"http:\/\/projekt-ddk.si\/\">povezava na prijavo za Spletni te\u010daj Poklicno<\/a> delovanje- 8 ur<\/li>\n<\/ul>\n<\/li>\n<li>\u010clane tima izberejo 2 seminarja od petih:\n<ul>\n<li>Digitalni viri- <a href=\"http:\/\/projekt-ddk.si\/\">povezava na prijavo za Spletni te\u010daj Digitalni viri<\/a>&#8211; 8 ur<\/li>\n<li>Pou\u010devanje in u\u010denje \u2013 <a href=\"http:\/\/projekt-ddk.si\/\">povezava na prijavo za Spletni te\u010daj Pou\u010devanje<\/a> in u\u010denje- 8 ur<\/li>\n<li>Vrednotenje- <a href=\"http:\/\/projekt-ddk.si\/\">povezava na prijavo za Spletni te\u010daj Vrednotenje<\/a>&#8211; 8 ur<\/li>\n<li>Opolnomo\u010denje u\u010dencev- <a href=\"http:\/\/projekt-ddk.si\/\">povezava na prijavo za Opolnomo\u010denje<\/a> u\u010dencev- 8. ur<\/li>\n<li>Vodenje in podpora u\u010dencem- <a href=\"http:\/\/projekt-ddk.si\/\">povezava na prijavo za Spletni te\u010daj Vodenje in<\/a> podpora u\u010dencev- 8. ur<\/li>\n<\/ul>\n<\/li>\n<li>Za kolektiv:\n<ul>\n<li>\u00bc Moja Digitalna identiteta 16 ur \u2013 <a href=\"http:\/\/projekt-ddk.si\/\">Povezava na prijava Spletni te\u010daj Digitalna identiteta&nbsp;<\/a><\/li>\n<li>\u00bc Varna raba interneta in naprav 16 ur- <a href=\"https:\/\/izobrazevanje.sio.si\/2022\/09\/09\/most-mooc-varna-raba-interneta-in-naprav-projekt-ddk\/\">Povezava na spletni prijavo &nbsp;te\u010daj Varna raba interneta in naprav<\/a><\/li>\n<\/ul>\n<\/li>\n<\/ul>\n<p>&nbsp;<\/p>\n","protected":false},"excerpt":{"rendered":"<p>&nbsp;&nbsp;&nbsp;&nbsp; &nbsp; Povezave:&nbsp; Zavod Republike [&hellip;]<\/p>\n","protected":false},"author":735,"featured_media":0,"parent":2051,"menu_order":0,"comment_status":"closed","ping_status":"closed","template":"","meta":{"ngg_post_thumbnail":0,"footnotes":""},"class_list":["post-17805","page","type-page","status-publish","hentry"],"_links":{"self":[{"href":"https:\/\/www.ostomaz.si\/index.php?rest_route=\/wp\/v2\/pages\/17805","targetHints":{"allow":["GET"]}}],"collection":[{"href":"https:\/\/www.ostomaz.si\/index.php?rest_route=\/wp\/v2\/pages"}],"about":[{"href":"https:\/\/www.ostomaz.si\/index.php?rest_route=\/wp\/v2\/types\/page"}],"author":[{"embeddable":true,"href":"https:\/\/www.ostomaz.si\/index.php?rest_route=\/wp\/v2\/users\/735"}],"replies":[{"embeddable":true,"href":"https:\/\/www.ostomaz.si\/index.php?rest_route=%2Fwp%2Fv2%2Fcomments&post=17805"}],"version-history":[{"count":25,"href":"https:\/\/www.ostomaz.si\/index.php?rest_route=\/wp\/v2\/pages\/17805\/revisions"}],"predecessor-version":[{"id":18235,"href":"https:\/\/www.ostomaz.si\/index.php?rest_route=\/wp\/v2\/pages\/17805\/revisions\/18235"}],"up":[{"embeddable":true,"href":"https:\/\/www.ostomaz.si\/index.php?rest_route=\/wp\/v2\/pages\/2051"}],"wp:attachment":[{"href":"https:\/\/www.ostomaz.si\/index.php?rest_route=%2Fwp%2Fv2%2Fmedia&parent=17805"}],"curies":[{"name":"wp","href":"https:\/\/api.w.org\/{rel}","templated":true}]}}